{"id":34,"date":"2023-01-30T12:19:42","date_gmt":"2023-01-30T12:19:42","guid":{"rendered":"http:\/\/localhost:8080\/wordpressAida\/?page_id=34"},"modified":"2026-04-28T14:14:34","modified_gmt":"2026-04-28T14:14:34","slug":"about-me","status":"publish","type":"page","link":"https:\/\/aidajamal.com\/fr\/about-me\/","title":{"rendered":"About me"},"content":{"rendered":"<div class=\"wp-block-group alignfull has-white-background-color has-background\"><div class=\"wp-block-group__inner-container is-layout-flow wp-block-group-is-layout-flow\">\n<div class=\"wp-block-columns alignwide is-layout-flex wp-container-core-columns-is-layout-9d6595d7 wp-block-columns-is-layout-flex\">\n<div class=\"wp-block-column is-layout-flow wp-block-column-is-layout-flow\">\n<div style=\"height:75px\" aria-hidden=\"true\" class=\"wp-block-spacer\"><\/div>\n\n\n\n<h6 class=\"wp-block-heading has-text-color has-small-font-size\" id=\"ecosystem\" style=\"color:#000000\"><\/h6>\n\n\n\n<p class=\"has-text-color\" style=\"color:#000000;font-size:5vw;line-height:1.1\"><strong>THE FOUNDER <\/strong><\/p>\n\n\n\n<div style=\"height:5px\" aria-hidden=\"true\" class=\"wp-block-spacer\"><\/div>\n<\/div>\n<\/div>\n\n\n\n<div class=\"wp-block-columns alignwide is-layout-flex wp-container-core-columns-is-layout-9d6595d7 wp-block-columns-is-layout-flex\">\n<div class=\"wp-block-column is-layout-flow wp-block-column-is-layout-flow\" style=\"flex-basis:60%\">\n<p><\/p>\n\n\n\n<p class=\"has-text-color has-extra-small-font-size\" style=\"color:#000000\"><strong>A\u00efda<\/strong> <strong>Jamal<\/strong> (b. Rabat) est une artiste et psychologue clinicienne marocaine dont le travail se situe \u00e0 la crois\u00e9e de la danse contemporaine et de la recherche autour de l\u2019imaginaire, du corps et des processus de cr\u00e9ation. <\/p>\n\n\n\n<p class=\"has-text-color has-extra-small-font-size\" style=\"color:#000000\">Issue d\u2019un parcours en arts plastiques et en design, elle d\u00e9veloppe une pratique chor\u00e9graphique ancr\u00e9e dans l\u2019exp\u00e9rimentation et le laboratoire, en dialogue constant avec les arts visuels. Nourrie par la litt\u00e9rature et les formes de l\u2019imaginaire, sa d\u00e9marche interroge les notions d\u2019espace, de temps et d\u2019intention, tout en questionnant la place et l\u2019engagement du public. Son travail se d\u00e9ploie \u00e0 travers une \u00e9criture chor\u00e9graphique o\u00f9 l\u2019improvisation devient un outil de composition, laissant \u00e9merger des \u00e9tats d\u2019incertitude et de fragilit\u00e9. <\/p>\n\n\n\n<p class=\"has-text-color has-extra-small-font-size\" style=\"color:#000000\">Ses projets, port\u00e9s par la Cie A\u00efda Jamal, ont \u00e9t\u00e9 accueillis en r\u00e9sidence et pr\u00e9sent\u00e9s dans plusieurs pays, notamment au Maroc, en \u00c9gypte, en Allemagne, en France, en Espagne, au Royaume-Uni, en Italie et en Suisse.<\/p>\n\n\n\n<p class=\"has-text-color has-extra-small-font-size\" style=\"color:#000000\">En parall\u00e8le, elle exerce en tant que psychologue clinicienne et psychoth\u00e9rapeute, en lib\u00e9ral et en institution. <\/p>\n\n\n\n<p class=\"has-text-color has-extra-small-font-size\" style=\"color:#000000\">Elle est \u00e9galement fondatrice de l\u2019association <em>Atelier du Lien<\/em> <em>Al-rabit<\/em>, qui prolonge le projet <em>Tahssis<\/em>, initialement con\u00e7u comme une initiative explorant les liens entre pratiques artistiques, psychologie et enjeux de sant\u00e9 mentale et physique.<\/p>\n\n\n\n<p class=\"has-text-color has-extra-small-font-size\" style=\"color:#000000\"><\/p>\n\n\n\n<p><\/p>\n\n\n\n<p class=\"has-text-color has-extra-small-font-size\" style=\"color:#000000\"><\/p>\n\n\n\n<p class=\"has-text-color has-extra-small-font-size\" style=\"color:#000000\"><\/p>\n<\/div>\n\n\n\n<div class=\"wp-block-column is-layout-flow wp-block-column-is-layout-flow\" style=\"flex-basis:40%\">\n<figure class=\"wp-block-image size-large is-resized\"><img loading=\"lazy\" decoding=\"async\" width=\"1024\" height=\"683\" src=\"https:\/\/aidajamal.com\/wp-content\/uploads\/2024\/04\/Portrait-AIDA-JAMAL-1024x683.jpg\" alt=\"\" class=\"wp-image-531\" style=\"width:420px;height:280px\" srcset=\"https:\/\/aidajamal.com\/wp-content\/uploads\/2024\/04\/Portrait-AIDA-JAMAL-1024x683.jpg 1024w, https:\/\/aidajamal.com\/wp-content\/uploads\/2024\/04\/Portrait-AIDA-JAMAL-300x200.jpg 300w, https:\/\/aidajamal.com\/wp-content\/uploads\/2024\/04\/Portrait-AIDA-JAMAL-768x512.jpg 768w, https:\/\/aidajamal.com\/wp-content\/uploads\/2024\/04\/Portrait-AIDA-JAMAL-1536x1024.jpg 1536w, https:\/\/aidajamal.com\/wp-content\/uploads\/2024\/04\/Portrait-AIDA-JAMAL-2048x1365.jpg 2048w\" sizes=\"auto, (max-width: 1024px) 100vw, 1024px\" \/><\/figure>\n<\/div>\n<\/div>\n<\/div><\/div>","protected":false},"excerpt":{"rendered":"<p>THE FOUNDER A\u00efda Jamal (b. Rabat) est une artiste et psychologue clinicienne marocaine dont le travail se situe \u00e0 la [&hellip;]<\/p>\n","protected":false},"author":1,"featured_media":388,"parent":0,"menu_order":0,"comment_status":"closed","ping_status":"closed","template":"templates\/template-about.php","meta":{"_acf_changed":false,"footnotes":""},"class_list":["post-34","page","type-page","status-publish","has-post-thumbnail","hentry"],"acf":[],"_links":{"self":[{"href":"https:\/\/aidajamal.com\/fr\/wp-json\/wp\/v2\/pages\/34","targetHints":{"allow":["GET"]}}],"collection":[{"href":"https:\/\/aidajamal.com\/fr\/wp-json\/wp\/v2\/pages"}],"about":[{"href":"https:\/\/aidajamal.com\/fr\/wp-json\/wp\/v2\/types\/page"}],"author":[{"embeddable":true,"href":"https:\/\/aidajamal.com\/fr\/wp-json\/wp\/v2\/users\/1"}],"replies":[{"embeddable":true,"href":"https:\/\/aidajamal.com\/fr\/wp-json\/wp\/v2\/comments?post=34"}],"version-history":[{"count":26,"href":"https:\/\/aidajamal.com\/fr\/wp-json\/wp\/v2\/pages\/34\/revisions"}],"predecessor-version":[{"id":705,"href":"https:\/\/aidajamal.com\/fr\/wp-json\/wp\/v2\/pages\/34\/revisions\/705"}],"wp:featuredmedia":[{"embeddable":true,"href":"https:\/\/aidajamal.com\/fr\/wp-json\/wp\/v2\/media\/388"}],"wp:attachment":[{"href":"https:\/\/aidajamal.com\/fr\/wp-json\/wp\/v2\/media?parent=34"}],"curies":[{"name":"wp","href":"https:\/\/api.w.org\/{rel}","templated":true}]}}